{"id":7724,"date":"2025-12-19T19:30:06","date_gmt":"2025-12-19T18:30:06","guid":{"rendered":"https:\/\/yoruehmer.de\/home\/?page_id=7724"},"modified":"2026-01-19T18:43:19","modified_gmt":"2026-01-19T17:43:19","slug":"inside-pleinair-maldemo-agbs-datenschutz","status":"publish","type":"page","link":"https:\/\/yoruehmer.de\/home\/inside-pleinair-maldemo-agbs-datenschutz\/","title":{"rendered":"Inside Pleinair Maldemo AGBs &#038; Datenschutz"},"content":{"rendered":"<p>[et_pb_section fb_built=&#8221;1&#8243; _builder_version=&#8221;4.16&#8243; global_colors_info=&#8221;{}&#8221;][et_pb_row _builder_version=&#8221;4.16&#8243; custom_padding=&#8221;||1px|||&#8221; global_colors_info=&#8221;{}&#8221;][et_pb_column type=&#8221;4_4&#8243; _builder_version=&#8221;4.16&#8243; global_colors_info=&#8221;{}&#8221;][et_pb_text _builder_version=&#8221;4.27.5&#8243; custom_padding=&#8221;0px|||||&#8221; global_colors_info=&#8221;{}&#8221;]<\/p>\n<h1><span style=\"font-size: 22px;\">Verantwortlicher<\/span><\/h1>\n<p>&nbsp;<\/p>\n<p><span class=\"tsmcontroller\">Yo R\u00fchmer<br \/>selbst\u00e4ndige Illustratorin<br \/><\/span><span class=\"tsmcontroller\"><span color=\"#666666\" data-blogger-escaped-style=\"background-color: white; caret-color: rgb(102, 102, 102); color: #666666; font-family: &quot;Trebuchet MS&quot;, Trebuchet, Verdana, sans-serif; font-size: 15.84000015258789px;\" face=\"&quot;trebuchet ms&quot; , &quot;trebuchet&quot; , &quot;verdana&quot; , sans-serif\" style=\"color: #666666; font-family: 'trebuchet ms', trebuchet, verdana, sans-serif;\">Atelier c\/o:\u00a0<\/span><br \/>Hartmann-ibach Stra\u00dfe 80<br \/>60389 Frankfurt<br \/>Deutschland<\/span><\/p>\n<p>&nbsp;<\/p>\n<p>Kontakt:<br \/>Telefon: 069 95633557<br \/>E-Mail: mail(at)yoruehmer.de<br \/>Umsatzsteuer-ID:DE163745266<br \/>Impressum:<br \/><a href=\"https:\/\/yoruehmer.de\/impressum\">https:\/\/yoruehmer.de\/impressum<\/a><\/p>\n<p>&nbsp;<\/p>\n<h1>Allgemeine Gesch\u00e4ftsbedingungen Inside Pleinair Maldemo<\/h1>\n<h3><\/h3>\n<h3>Darum geht&#8217;s:<\/h3>\n<p>Diese Bedingungen gelten f\u00fcr alle Buchungen des Online-Maldemo <b>\u201eInside Pleinair\u201c<\/b>, unabh\u00e4ngig davon, ob ihr<br \/>a) an der Livedemo teilnehmt,<br \/>b) nur die Aufzeichnung kauft oder<br \/>c) ein 20-min\u00fctiges pers\u00f6nliches Zoom-Feedback dazu bucht.<\/p>\n<p>Mit eurer Buchung akzeptiert ihr diese AGB.<\/p>\n<h3>Anmeldung und Bezahlung<\/h3>\n<p>Ihr meldet euch per Mail bei mir an, bekommt eine Rechnung und bezahlt direkt \u00fcber die dort angebotenen Zahlungsm\u00f6glichkeiten (PayPal oder \u00dcberweisung). Die Teilnahmegeb\u00fchr ist sofort f\u00e4llig. Der Zugang zu Video-Inhalten sowie die Durchf\u00fchrung von Feedback-Leistungen erfolgen erst nach vollst\u00e4ndigem Zahlungseingang und \u2013 bei digitalen Inhalten \u2013 nach ausdr\u00fccklicher Zustimmung zum vorzeitigen Leistungsbeginn.<\/p>\n<h3>Live Maildemo (Zoom) &#8211; begrenzte Teilnehmerzahl<\/h3>\n<p>Anmeldungen f\u00fcr die Live Maldemo sollten sp\u00e4testens am Freitag vor dem jeweiligen Termin eingehen (bei kurzfristiger Anmeldung nur Paypal als Bezahlm\u00f6glichkeit).<\/p>\n<p>Teilnahme am gebuchten Live-Termin via Zoom<br \/>\u2022<span class=\"Apple-tab-span\"> <\/span>Maldemo zum Mitmalen<br \/>\u2022<span class=\"Apple-tab-span\"> <\/span>Zugang zur gemeinsamen Pinnwand (Padlet) und kurzes pers\u00f6nliches Feedback.<br \/>\u2022<span class=\"Apple-tab-span\"> <\/span>Die Aufzeichnung der Maldemo ist inklusive (Zugang mind. 1 Jahr nach Aufzeichnung)<\/p>\n<h3>Video der Maldeomo<\/h3>\n<p>Eine Aufzeichnung der Live Maldemo kann ca. 2 Tage sp\u00e4ter auf meiner Website gekauft werden.<br \/>Nach der Buchung per Mail erhaltet ihr eine Rechnung und bekommt nach Zahlungseingang den Zugang per Videolink.<br \/>Er ist flexibel abrufbar, beinhaltet jedoch keine Feedback. Der Zugang ist f\u00fcr mind. 1 Jahr nach Aufzeichnungsdatum g\u00fcltig.<br \/>Eine Weitergabe oder Ver\u00f6ffentlichung ist nicht gestattet.\u00a0<\/p>\n<h3>Optional: Einzel Feedback via Zoom<\/h3>\n<p>Zus\u00e4tzlich zum Video buchbar, Dauer ca. 20 Minuten.<br \/>Nach der Feedback Buchung schickt ihr mir euer Ergebnis der Maldemo und wir machen einen Zoom Termin aus.<br \/>Beim Feedback besprechen wir euer Bild individuell; ihr k\u00f6nnt Fragen stellen und erhaltet konkrete Hinweise.Ein fester Termin besteht zum Zeitpunkt des Vertragsschlusses noch nicht.<\/p>\n<h3>Teilnahme und Technik<\/h3>\n<p>Ihr<span class=\"Apple-converted-space\"> <\/span>braucht eine stabile Internetverbindung, f\u00fcr die Live Maldemo und pers\u00f6nliches Feedback Zoom (kostenlos), und ein Ger\u00e4t mit Kamera und Mikrofon. Begleitet wird die Live Maldemo mit einer gemeinsamen Pinnwand auf Padlet.<br \/>Bitte k\u00fcmmert euch selbst darum, dass bei euch alles funktioniert \u2013 ich kann keine technische Unterst\u00fctzung leisten. Technische Probleme auf Seiten der Teilnehmenden liegen nicht in meinem Verantwortungsbereich.<\/p>\n<h3>Stornierung<\/h3>\n<p>Live Maldemo via Zoom:<br \/>Wenn ihr doch nicht teilnehmen k\u00f6nnt, k\u00f6nnt ihr bis 24 Std vor Kursbeginn stornieren.<br \/>Ich behalte dann 5 \u20ac als Bearbeitungsgeb\u00fchr ein.<br \/>Wenn ihr sp\u00e4ter absagt oder gar nicht erscheint, kann ich leider nichts zur\u00fcckerstatten, ihr bekommt die Aufzeichnung der Maldemo und k\u00f6nnt bis zu 4 Wochen nach dem Termin euer Bild auf die Pinnwand laden und bekommt Feedback von mir.<br \/>Wenn ich den Termin absagen muss (z. B. wegen Krankheit), und kein Ausweichtermin zustande kommt,<span class=\"Apple-converted-space\">\u00a0 <\/span>bekommt ihr nat\u00fcrlich das Geld komplett zur\u00fcck.<\/p>\n<h3>Widerrufsbelehrung<\/h3>\n<h3>Live Maldemo<\/h3>\n<p>Da die Maldemo zu einem festen Termin stattfindet (\u00a7 312g Abs. 2 Nr. 9 BGB), gibt es <b>kein Widerrufsrecht<\/b>.<br \/>Mit der Buchung stimmt ihr zu, dass ihr auf das Widerrufsrecht verzichtet.<b><\/b><\/p>\n<h3>Video Maldemo<\/h3>\n<p>Die angebotenen Video-Inhalte sind digitale Inhalte im Sinne des \u00a7 356 Abs. 5 BGB. die beim Kauf sofort bereitgestellt werden. Das Widerrufsrecht erlischt mit eurer Zustimmung, die ihr beim Kauf gebt.<b><\/b><\/p>\n<h3>Einzel Feedback via Zoom<\/h3>\n<p>F\u00fcr die Feedback-Leistung besteht ein Widerrufsrecht, solange das Feedback noch nicht erbracht wurde.<br \/>Nach vollst\u00e4ndiger Erbringung der Feedback-Leistung erlischt das Widerrufsrecht.<\/p>\n<h3>Urheberrecht<\/h3>\n<p>Alle Inhalte und Aufzeichnungen bleiben mein geistiges Eigentum.<br \/>Ihr d\u00fcrft sie f\u00fcr euch privat nutzen, aber bitte nicht weitergeben, hochladen oder ver\u00f6ffentlichen.<br \/>Wenn ihr eigene Werke w\u00e4hrend des Zoom Meetings oder danach zeigt, bleiben sie selbstverst\u00e4ndlich euer Eigentum.<br \/>Nach der Maldemo kann eine gemeinsame digitale Pinnwand (Padlet) genutzt werden, auf der ihr freiwillig eure gemalten Bilder hochladen k\u00f6nnt. Bitte ladet nur Bilder hoch, an denen ihr selbst die Rechte habt, und achtet auf respektvolle und freundliche Kommentare.<br \/>Ich \u00fcbernehme keine Haftung f\u00fcr Inhalte, die von anderen Teilnehmenden eingestellt werden.<br \/>Ich behalte mir vor, Beitr\u00e4ge zu l\u00f6schen, wenn sie unpassend oder verletzend sind.<br \/>Mit dem Hochladen erkl\u00e4rt ihr euch einverstanden, dass eure Beitr\u00e4ge gesehen und kommentiert werden k\u00f6nnen.<\/p>\n<h3>Nutzung der Inhalte<\/h3>\n<p>Alle Inhalte (Video, Audio, Screenshots, Vorlagen, Beispiele) sind urheberrechtlich gesch\u00fctzt.<br \/>Ihr d\u00fcrft sie privat nutzen, aber <b>nicht<\/b> weitergeben, ver\u00f6ffentlichen, hochladen oder in eigene Kurse integrieren. Die Video-Inhalte stehen nach Freischaltung zeitlich flexibel f\u00fcr mindesten 1 Jahr nach Ver\u00f6ffentlcihung zur Verf\u00fcgung. Der Zugang ist personenbezogen und darf nicht an Dritte weitergegeben werden<\/p>\n<h3>Haftung<\/h3>\n<p>Ich gebe mir M\u00fche, dass alles reibungslos l\u00e4uft. F\u00fcr technische Probleme oder Ausf\u00e4lle, die bei euch entstehen, kann ich aber keine Haftung \u00fcbernehmen. Ansonsten hafte ich nur bei grober Fahrl\u00e4ssigkeit oder Vorsatz. Fu\u0308r Lernerfolge oder individuelle Ergebnisse wird keine Garantie u\u0308bernommen.<\/p>\n<h3>Datenschutz<\/h3>\n<p>F\u00fcr die Buchung und Anmeldung brauche ich eure Rechnungsadresse und eure E-Mail-Adresse.<br \/>Diese Daten verwende ich ausschlie\u00dflich, um die Maldemo durchzuf\u00fchren, euch Infos zum Termin zu schicken und eine Rechnung auszustellen.<br \/>Ich gebe eure Daten <b>nicht an Dritte weiter<\/b>, es sei denn, es ist gesetzlich vorgeschrieben (z. B. f\u00fcr die Buchhaltung oder das Finanzamt). Ich sorge daf\u00fcr, dass eure Daten sicher gespeichert und vor unbefugtem Zugriff gesch\u00fctzt sind.<br \/>Relevante Infos zu meinen Kursen und weiteren Maldemos oder zu eurer Buchung schicke ich an die angegebene E-Mail-Adresse.<br \/>Ich verschicke <b>keinen automatisierten Newsletter<\/b> und gebe eure Adresse nicht f\u00fcr Werbezwecke weiter.<br \/>Gelegentlich kann es aber vorkommen, dass ich <b>ehemalige Teilnehmende pers\u00f6nlich per E-Mail<\/b> anschreibe, wenn ich denke, dass ein neuer Kurs f\u00fcr euch interessant sein k\u00f6nnte.<br \/>Wenn ihr das nicht m\u00f6chtet, gebt mir einfach kurz Bescheid \u2013 dann nehme ich euch aus meinem Verteiler.\u00a0<\/p>\n<p>Ihr k\u00f6nnt mir jederzeit eine Mail schreiben, wenn ich eure Daten l\u00f6schen oder berichtigen soll.<br \/>Schreibt einfach an <a href=\"mailto:yomalt@yoruehmer.de\">yomalt@yoruehmer.de<\/a>.<br \/>Ich l\u00f6sche eure Daten dann, soweit keine gesetzlichen Aufbewahrungspflichten (z. B. f\u00fcr Rechnungen) entgegenstehen.<\/p>\n<h3>Zoom<\/h3>\n<p>F\u00fcr die Live Maldemo und das Feedback nutzen wir Zoom.<br \/>Beim Beitritt werden technische Daten von euch verarbeitet (Name, E-Mail-Adresse, IP-Adresse).<br \/>Die Maldemo wird aufgezeichnet \u2013 jedoch nur meine Kamera und der geteilte Bildschirm, nicht euer Video. Euer Audio (Fragen, Anmerkungen) werden mit aufgezeichnet.<br \/>Die Aufzeichnung wird nach dem Livetermin als eigenst\u00e4ndiges Video (geschnitten) verkauft. Mehr dazu siehe unter Punkt : <b>Erg\u00e4nzter Datenschutzhinweis \u2013 Aufzeichnung &amp; Weiterverkauf<\/b><\/p>\n<h3>Vimeo \/ YouTube (eingebettete Videos)<br \/><b><\/b><\/h3>\n<p>Die Aufzeichnungen werden \u00fcber Vimeo oder YouTube auf meiner Website eingebettet.<br \/>Beim Abspielen k\u00f6nnen diese Anbieter Cookies setzen oder technische Daten erfassen.<br \/>Ich verwende ausschlie\u00dflich <b>nicht gelistete<\/b> Videos, die nicht \u00f6ffentlich auffindbar sind.<\/p>\n<h3>Erg\u00e4nzter Datenschutzhinweis \u2013 Aufzeichnung &amp; Weiterverkauf<\/h3>\n<p><b>Aufzeichnung der Maldemo<\/b><b><\/b><\/p>\n<p>Der Livekurs wird aufgezeichnet. Die Aufzeichnung zeigt ausschlie\u00dflich meine Maldemo, meinen Bildschirm sowie mein Video und meine Stimme.<br \/>Teilnehmende sind <b>nicht<\/b> mit Bild in der Aufzeichnung enthalten. Audio (Fragen und Anmerkungen) der Teilnehmenden wird mit aufgezeichnet. Wer <b>nicht<\/b> in der Aufzeichnung erscheinen m\u00f6chte, kann das Mikrofon deaktiviert lassen. Ihr bleibt auf jeden Fall anonym, eventuell nenne ich euch beim Antworten mal mit Vornamen.<br \/>Die Ver\u00f6ffentlichung erfolgt ausschlie\u00dflich im Rahmen der Maldemoaufzeichnung f\u00fcr zahlende Kund*innen (nicht \u00f6ffentlich, nicht frei zug\u00e4nglich). Die Feedback Runde der Live Maldemo wird vor dem Weiterkauf des Videos auf jeden Fall rausgeschnitten. Eure Bilder werden somit nur innerhalb der Runde der Live Maldemo Teilnehmenden gezeigt.<\/p>\n<p><b>Nutzung der Aufzeichnung<\/b><b><\/b><\/p>\n<p>Die Aufzeichnung der Maldemo wird:<br \/>\u2022<span class=\"Apple-tab-span\"> <\/span>den Live-Teilnehmenden zur Verf\u00fcgung gestellt und<br \/>\u2022<span class=\"Apple-tab-span\"> <\/span><b>auch unabh\u00e4ngig vom Livekurs als eigenst\u00e4ndige Aufzeichnung (\u201eReplay\u201c) verkauft<\/b>.<br \/>Mit der Buchung des Livekurses erkl\u00e4rt ihr euch damit einverstanden, dass die Aufzeichnung des Kurses auch sp\u00e4ter separat vertrieben wird.<\/p>\n<p><b>Rechtsgrundlage<\/b><b><\/b><\/p>\n<p>Die Verarbeitung und Nutzung der Aufzeichnung erfolgt auf Grundlage von<br \/><b>Art. 6 Abs. 1 lit. b DSGVO (Vertragserf\u00fcllung)<\/b>.<\/p>\n<h3>Sonstiges<\/h3>\n<p>Es gilt deutsches Recht.<br \/>Gerichtsstand ist \u2013 soweit zul\u00e4ssig \u2013 mein Wohnort.<br \/>Sollten einzelne Punkte unwirksam sein, bleibt der Rest der AGB g\u00fcltig.<\/p>\n<p>&nbsp;<\/p>\n<p>&nbsp;<\/p>\n<p>[\/et_pb_text][\/et_pb_column][\/et_pb_row][\/et_pb_section]<\/p>\n","protected":false},"excerpt":{"rendered":"<p>Verantwortlicher &nbsp; Yo R\u00fchmerselbst\u00e4ndige IllustratorinAtelier c\/o:\u00a0Hartmann-ibach Stra\u00dfe 8060389 FrankfurtDeutschland &nbsp; Kontakt:Telefon: 069 95633557E-Mail: mail(at)yoruehmer.deUmsatzsteuer-ID:DE163745266Impressum:https:\/\/yoruehmer.de\/impressum &nbsp; Allgemeine Gesch\u00e4ftsbedingungen Inside Pleinair Maldemo Darum geht&#8217;s: Diese Bedingungen gelten f\u00fcr alle Buchungen des Online-Maldemo \u201eInside Pleinair\u201c, unabh\u00e4ngig davon, ob ihra) an der Livedemo teilnehmt,b) nur die Aufzeichnung kauft oderc) ein 20-min\u00fctiges pers\u00f6nliches Zoom-Feedback dazu bucht. Mit eurer Buchung akzeptiert [&hellip;]<\/p>\n","protected":false},"author":1,"featured_media":0,"parent":0,"menu_order":0,"comment_status":"closed","ping_status":"closed","template":"","meta":{"_et_pb_use_builder":"on","_et_pb_old_content":"","_et_gb_content_width":"","footnotes":""},"class_list":["post-7724","page","type-page","status-publish","hentry"],"_links":{"self":[{"href":"https:\/\/yoruehmer.de\/home\/wp-json\/wp\/v2\/pages\/7724","targetHints":{"allow":["GET"]}}],"collection":[{"href":"https:\/\/yoruehmer.de\/home\/wp-json\/wp\/v2\/pages"}],"about":[{"href":"https:\/\/yoruehmer.de\/home\/wp-json\/wp\/v2\/types\/page"}],"author":[{"embeddable":true,"href":"https:\/\/yoruehmer.de\/home\/wp-json\/wp\/v2\/users\/1"}],"replies":[{"embeddable":true,"href":"https:\/\/yoruehmer.de\/home\/wp-json\/wp\/v2\/comments?post=7724"}],"version-history":[{"count":9,"href":"https:\/\/yoruehmer.de\/home\/wp-json\/wp\/v2\/pages\/7724\/revisions"}],"predecessor-version":[{"id":7931,"href":"https:\/\/yoruehmer.de\/home\/wp-json\/wp\/v2\/pages\/7724\/revisions\/7931"}],"wp:attachment":[{"href":"https:\/\/yoruehmer.de\/home\/wp-json\/wp\/v2\/media?parent=7724"}],"curies":[{"name":"wp","href":"https:\/\/api.w.org\/{rel}","templated":true}]}}